{"id":16870,"date":"2016-11-23T08:51:14","date_gmt":"2016-11-23T07:51:14","guid":{"rendered":"http:\/\/gstaadairport2.fmufd.ch\/fr\/?page_id=16870"},"modified":"2020-08-03T08:25:52","modified_gmt":"2020-08-03T06:25:52","slug":"compagnies-aeriennes","status":"publish","type":"page","link":"https:\/\/www.gstaad-airport.ch\/fr\/compagnies-aeriennes\/","title":{"rendered":"Compagnies a\u00e9riennes"},"content":{"rendered":"<div class=\"wpb-content-wrapper\"><p>[vc_row row_id=\u00a0\u00bbueber-uns\u00a0\u00bb parallax_content=\u00a0\u00bbparallax_content_value\u00a0\u00bb fadeout_row=\u00a0\u00bbfadeout_row_value\u00a0\u00bb][vc_column width=\u00a0\u00bb1\/2&Prime;][vc_row_inner][vc_column_inner]<div class=\"spacer\" style=\"height: 30px;\"><\/div>[vc_column_text]<\/p>\n<h6 style=\"text-align: justify;\">Air-Glaciers<\/h6>\n<p style=\"text-align: justify;\">La compagnie a\u00e9rienne Air-Glaciers g\u00e8re une base d\u2019h\u00e9licopt\u00e8res sur le terrain d\u2019aviation de Saanen. De l\u00e0, elle offre des vols de transport \u00e0 des endroits difficilement accessibles. Ainsi, chantiers, for\u00eat, terrains agricoles et chalets de montagne peuvent \u00eatre approvisionn\u00e9s de mani\u00e8re rapide et rentable.&nbsp;En hiver, les h\u00e9licopt\u00e8res transportent les clients sur les sommets enneig\u00e9s pour qu\u2019ils puissent d\u00e9valer de fabuleuses descentes accessibles uniquement en h\u00e9liski. Par ailleurs, en d\u00e9clenchant les avalanches \u00e0 l\u2019explosif, Air-Glaciers veille \u00e0 la s\u00e9curit\u00e9 sur les pistes de ski.&nbsp;En effet, durant la journ\u00e9e, un deuxi\u00e8me h\u00e9licopt\u00e8re est exclusivement r\u00e9serv\u00e9 \u00e0 des vols de sauvetage.&nbsp;Air-Glaciers offre des vols en avion taxi ou des vols touristiques tout au long de l\u2019ann\u00e9e. Des vues uniques sur le paysage montagneux au milieu des Alpes suisses.&nbsp;Des instructeurs de vol exp\u00e9riment\u00e9s sont \u00e0 disposition pour des vols de formation \u00e0 partir de Saanen.&nbsp;Des bases suppl\u00e9mentaires se situent&nbsp;\u00e0 Lauterbrunnen, Gampel, La Chaux-de-Fonds, Leysin et \u00e0 Collombey, et la base principale se trouve \u00e0 Sion.&nbsp;La s\u00e9curit\u00e9 dans le trafic a\u00e9rien est la premi\u00e8re priorit\u00e9 pour les sept employ\u00e9(e)s \u00e0 plein temps et les nombreux travailleurs ind\u00e9pendants d\u2019Air-Glaciers Saanen.&nbsp;L\u2019\u00e9quipe comp\u00e9tente et motiv\u00e9e fait tout pour maintenir la satisfaction des clients et des invit\u00e9s en proposant un excellent niveau de prestations.<\/p>\n<p>[\/vc_column_text][\/vc_column_inner][\/vc_row_inner]<div class=\"spacer\" style=\"height: 5px;\"><\/div><a href=\"http:\/\/www.air-glaciers.ch\" target=\"_blank\" class=\"button color-3 small \" style=\"border-radius: 2px;\">Air-Glaciers<\/a>[\/vc_column][vc_column width=\u00a0\u00bb1\/2&Prime;][vc_row_inner][vc_column_inner]<div class=\"spacer\" style=\"height: 20px;\"><\/div><div class=\"single_image wpb_content_element align-left    \" data-animation=\"none\" data-delay=\"0\"><img loading=\"lazy\" decoding=\"async\" width=\"1500\" height=\"1000\" src=\"https:\/\/www.gstaad-airport.ch\/wp-content\/uploads\/2019\/11\/Air_Glaciers.jpg\" class=\"attachment-full\" alt=\"\" title=\"Air_Glaciers\" srcset=\"https:\/\/www.gstaad-airport.ch\/wp-content\/uploads\/2019\/11\/Air_Glaciers.jpg 1500w, https:\/\/www.gstaad-airport.ch\/wp-content\/uploads\/2019\/11\/Air_Glaciers-300x200.jpg 300w, https:\/\/www.gstaad-airport.ch\/wp-content\/uploads\/2019\/11\/Air_Glaciers-768x512.jpg 768w, https:\/\/www.gstaad-airport.ch\/wp-content\/uploads\/2019\/11\/Air_Glaciers-1024x683.jpg 1024w, https:\/\/www.gstaad-airport.ch\/wp-content\/uploads\/2019\/11\/Air_Glaciers-845x563.jpg 845w, https:\/\/www.gstaad-airport.ch\/wp-content\/uploads\/2019\/11\/Air_Glaciers-80x53.jpg 80w, https:\/\/www.gstaad-airport.ch\/wp-content\/uploads\/2019\/11\/Air_Glaciers-600x400.jpg 600w, https:\/\/www.gstaad-airport.ch\/wp-content\/uploads\/2019\/11\/Air_Glaciers-500x333.jpg 500w, https:\/\/www.gstaad-airport.ch\/wp-content\/uploads\/2019\/11\/Air_Glaciers-750x500.jpg 750w, https:\/\/www.gstaad-airport.ch\/wp-content\/uploads\/2019\/11\/Air_Glaciers-1000x667.jpg 1000w\" sizes=\"auto, (max-width: 1500px) 100vw, 1500px\" \/><\/div><div class=\"spacer\" style=\"height: 10px;\"><\/div>[\/vc_column_inner][\/vc_row_inner][\/vc_column][\/vc_row][vc_row row_id=\u00a0\u00bbairsarina\u00a0\u00bb][vc_column width=\u00a0\u00bb1\/1&Prime;][vc_column_text]<div class=\"divider divider8\" style='margin:50px 0 60px 0 !important;'><div class=\"divider-icon\"><i class=\"fa fa-chevron-down\"><\/i><\/div><\/div>[\/vc_column_text][\/vc_column][\/vc_row][vc_row row_id=\u00a0\u00bbueber-uns\u00a0\u00bb parallax_content=\u00a0\u00bbparallax_content_value\u00a0\u00bb fadeout_row=\u00a0\u00bbfadeout_row_value\u00a0\u00bb][vc_column width=\u00a0\u00bb1\/2&Prime;][vc_row_inner][vc_column_inner]<div class=\"spacer\" style=\"height: 30px;\"><\/div>[vc_column_text]<\/p>\n<h6 style=\"text-align: justify;\">Air-Sarina<\/h6>\n<p style=\"text-align: justify;\">Air-Sarina offre un <strong>service d\u2019exploitation d\u2019avions&nbsp;<\/strong>qui s\u2019adresse aux propri\u00e9taires d\u2019avions priv\u00e9s \u00e0 partir de son site \u00e0 Saanen. L\u2019exploitation des avions comprend la maintenance, les t\u00e2ches administratives, la pr\u00e9paration au vol et la r\u00e9alisation de vols internationaux avec le recrutement correspondant de l\u2019\u00e9quipe de vol.<\/p>\n<p style=\"text-align: justify;\">Les relations nombreuses et de qualit\u00e9 qu\u2019entretient Air-Sarina avec les compagnies a\u00e9riennes, permettent \u00e0 la compagnie de r\u00e9server \u00e9galement des <strong>vols affr\u00e9t\u00e9s<\/strong>. Des destinations nationales et internationales peuvent \u00eatre desservis avec des avions et des h\u00e9licopt\u00e8res.<\/p>\n<p style=\"text-align: justify;\">En outre, des instructeurs de vol se tiennent \u00e0 disposition, si les futurs pilotes souhaitent se soumettre \u00e0 une formation pour le d\u00e9collage et l\u2019atterrissage r\u00e9guliers sur le terrain d\u2019aviation \u00e0 Saanen. En effet, la courte piste dans la r\u00e9gion montagneuse, alpine, implique un d\u00e9collage et un atterrissage en forte inclinaison&nbsp;; les pilotes doivent donc faire face \u00e0 des difficult\u00e9s particuli\u00e8res. L\u2019\u00e9cole d\u2019aviation propose aux pilotes d\u2019apprendre \u00e0 d\u00e9coller et \u00e0 atterrir de mani\u00e8re s\u00fbre sur les glaciers des Alpes.<\/p>\n<p>[\/vc_column_text][\/vc_column_inner][\/vc_row_inner]<div class=\"spacer\" style=\"height: 5px;\"><\/div><a href=\"http:\/\/www.air-sarina.ch\" target=\"_blank\" class=\"button color-3 small \" style=\"border-radius: 2px;\">Air-Sarina<\/a><div class=\"spacer\" style=\"height: 5px;\"><\/div>[\/vc_column][vc_column width=\u00a0\u00bb1\/2&Prime;][vc_row_inner][vc_column_inner]<div class=\"spacer\" style=\"height: 20px;\"><\/div><div class=\"single_image wpb_content_element align-left    \" data-animation=\"none\" data-delay=\"0\"><img loading=\"lazy\" decoding=\"async\" width=\"1772\" height=\"1186\" src=\"https:\/\/www.gstaad-airport.ch\/wp-content\/uploads\/2016\/10\/Bild-Air-Glaciers-161107_web-1.jpg\" class=\"attachment-full\" alt=\"\" title=\"bild-air-glaciers-161107_web\" srcset=\"https:\/\/www.gstaad-airport.ch\/wp-content\/uploads\/2016\/10\/Bild-Air-Glaciers-161107_web-1.jpg 1772w, https:\/\/www.gstaad-airport.ch\/wp-content\/uploads\/2016\/10\/Bild-Air-Glaciers-161107_web-1-300x201.jpg 300w, https:\/\/www.gstaad-airport.ch\/wp-content\/uploads\/2016\/10\/Bild-Air-Glaciers-161107_web-1-768x514.jpg 768w, https:\/\/www.gstaad-airport.ch\/wp-content\/uploads\/2016\/10\/Bild-Air-Glaciers-161107_web-1-1024x685.jpg 1024w\" sizes=\"auto, (max-width: 1772px) 100vw, 1772px\" \/><\/div><div class=\"spacer\" style=\"height: 10px;\"><\/div>[\/vc_column_inner][\/vc_row_inner][\/vc_column][\/vc_row][vc_row][vc_column width=\u00a0\u00bb1\/1&Prime;]<div class=\"spacer\" style=\"height: 10px;\"><\/div>[\/vc_column][\/vc_row][vc_row row_id=\u00a0\u00bbcatering\u00a0\u00bb][vc_column width=\u00a0\u00bb1\/1&Prime;][vc_column_text]<div class=\"divider divider8\" style='margin:50px 0 60px 0 !important;'><div class=\"divider-icon\"><i class=\"fa fa-chevron-down\"><\/i><\/div><\/div>[\/vc_column_text][\/vc_column][\/vc_row][vc_row row_id=\u00a0\u00bbueber-uns\u00a0\u00bb parallax_content=\u00a0\u00bbparallax_content_value\u00a0\u00bb fadeout_row=\u00a0\u00bbfadeout_row_value\u00a0\u00bb][vc_column width=\u00a0\u00bb1\/2&Prime;][vc_row_inner][vc_column_inner]<div class=\"spacer\" style=\"height: 30px;\"><\/div>[vc_column_text]<\/p>\n<h6 style=\"text-align: justify;\">Catering<\/h6>\n<div class=\"wpb_text_column wpb_content_element \">\n<div class=\"wpb_wrapper\">Notre partenaire de restauration pr\u00e9f\u00e9r\u00e9 est Charly\u2019s.<br \/>\nVeuillez les contacter directement.<\/div>\n<div class=\"wpb_wrapper\">T\u00e9l.&nbsp;+41 33 744 15&nbsp;44<br \/>\n<a href=\"mailto:info@charlys-gstaad.ch\" target=\"_self\" data-content=\"info@charlys-gstaad.ch\" data-type=\"mail\">info@charlys-gstaad.ch<\/a><\/div>\n<\/div>\n<p>[\/vc_column_text]<a href=\"https:\/\/www.charlys-gstaad.ch\/kontakt\" target=\"_blank\" class=\"button color-3 small \" style=\"border-radius: 2px;\">Charly\u2019s Gstaad&nbsp;<\/a><div class=\"spacer\" style=\"height: 5px;\"><\/div>[vc_column_text]<\/p>\n<div class=\"wpb_text_column wpb_content_element \">\n<div class=\"wpb_wrapper\">\n<p><a href=\"https:\/\/www.charlys-gstaad.ch\/kontakt\" target=\"_blank\" rel=\"noopener\"><img loading=\"lazy\" decoding=\"async\" class=\"alignleft wp-image-18685\" src=\"https:\/\/www.gstaad-airport.ch\/wp-content\/uploads\/2020\/07\/Charlys-e1595574416564-500x206.jpg\" alt=\"\" width=\"250\" height=\"103\" srcset=\"https:\/\/www.gstaad-airport.ch\/wp-content\/uploads\/2020\/07\/Charlys-e1595574416564-500x206.jpg 500w, https:\/\/www.gstaad-airport.ch\/wp-content\/uploads\/2020\/07\/Charlys-e1595574416564-300x124.jpg 300w, https:\/\/www.gstaad-airport.ch\/wp-content\/uploads\/2020\/07\/Charlys-e1595574416564-768x316.jpg 768w, https:\/\/www.gstaad-airport.ch\/wp-content\/uploads\/2020\/07\/Charlys-e1595574416564-1024x422.jpg 1024w, https:\/\/www.gstaad-airport.ch\/wp-content\/uploads\/2020\/07\/Charlys-e1595574416564-1000x412.jpg 1000w, https:\/\/www.gstaad-airport.ch\/wp-content\/uploads\/2020\/07\/Charlys-e1595574416564-80x33.jpg 80w, https:\/\/www.gstaad-airport.ch\/wp-content\/uploads\/2020\/07\/Charlys-e1595574416564-600x247.jpg 600w\" sizes=\"auto, (max-width: 250px) 100vw, 250px\" \/><\/a><\/p>\n<\/div>\n<\/div>\n<p>[\/vc_column_text][\/vc_column_inner][\/vc_row_inner][\/vc_column][vc_column width=\u00a0\u00bb1\/2&Prime;][vc_row_inner][vc_column_inner]<div class=\"spacer\" style=\"height: 20px;\"><\/div><div class=\"single_image wpb_content_element align-left    \" data-animation=\"none\" data-delay=\"0\"><img loading=\"lazy\" decoding=\"async\" width=\"1772\" height=\"1186\" src=\"https:\/\/www.gstaad-airport.ch\/wp-content\/uploads\/2020\/07\/Bild-Charlys_web.jpg\" class=\"attachment-full\" alt=\"\" title=\"Bild-Charlys_web\" srcset=\"https:\/\/www.gstaad-airport.ch\/wp-content\/uploads\/2020\/07\/Bild-Charlys_web.jpg 1772w, https:\/\/www.gstaad-airport.ch\/wp-content\/uploads\/2020\/07\/Bild-Charlys_web-300x201.jpg 300w, https:\/\/www.gstaad-airport.ch\/wp-content\/uploads\/2020\/07\/Bild-Charlys_web-768x514.jpg 768w, https:\/\/www.gstaad-airport.ch\/wp-content\/uploads\/2020\/07\/Bild-Charlys_web-1024x685.jpg 1024w, https:\/\/www.gstaad-airport.ch\/wp-content\/uploads\/2020\/07\/Bild-Charlys_web-841x563.jpg 841w, https:\/\/www.gstaad-airport.ch\/wp-content\/uploads\/2020\/07\/Bild-Charlys_web-80x54.jpg 80w, https:\/\/www.gstaad-airport.ch\/wp-content\/uploads\/2020\/07\/Bild-Charlys_web-598x400.jpg 598w, https:\/\/www.gstaad-airport.ch\/wp-content\/uploads\/2020\/07\/Bild-Charlys_web-500x335.jpg 500w, https:\/\/www.gstaad-airport.ch\/wp-content\/uploads\/2020\/07\/Bild-Charlys_web-747x500.jpg 747w, https:\/\/www.gstaad-airport.ch\/wp-content\/uploads\/2020\/07\/Bild-Charlys_web-1000x669.jpg 1000w\" sizes=\"auto, (max-width: 1772px) 100vw, 1772px\" \/><\/div><div class=\"spacer\" style=\"height: 10px;\"><\/div>[\/vc_column_inner][\/vc_row_inner][\/vc_column][\/vc_row][vc_row][vc_column width=\u00a0\u00bb1\/1&Prime;][\/vc_column][\/vc_row][vc_row][vc_column][vc_column_text]<\/p>\n<p>&nbsp;<\/p>\n<p>[\/vc_column_text][\/vc_column][\/vc_row][vc_row row_id=\u00a0\u00bbueber-uns\u00a0\u00bb parallax_content=\u00a0\u00bbparallax_content_value\u00a0\u00bb fadeout_row=\u00a0\u00bbfadeout_row_value\u00a0\u00bb][\/vc_row][vc_column width=\u00a0\u00bb1\/2&Prime;][\/vc_column][vc_row_inner][\/vc_row_inner][vc_column_inner][\/vc_column_inner]<div class=\"spacer\" style=\"height: 30px;\"><\/div>[vc_column_text]<\/p>\n<p>Ich bin ein Textblock. Klicken Sie auf den Bearbeiten Button um diesen Text zu \u00e4ndern. Lorem ipsum dolor sit amet, consectetur adipiscing elit. Ut elit tellus, luctus nec ullamcorper mattis, pulvinar dapibus leo.<\/p>\n<p>[\/vc_column_text]<\/p>\n<\/div>","protected":false},"excerpt":{"rendered":"<p>[vc_row row_id=\u00a0\u00bbueber-uns\u00a0\u00bb parallax_content=\u00a0\u00bbparallax_content_value\u00a0\u00bb fadeout_row=\u00a0\u00bbfadeout_row_value\u00a0\u00bb][vc_column width=\u00a0\u00bb1\/2&Prime;][vc_row_inner][vc_column_inner][vc_column_text] Air-Glaciers La compagnie a\u00e9rienne Air-Glaciers g\u00e8re une base d\u2019h\u00e9licopt\u00e8res sur le terrain d\u2019aviation de Saanen. De l\u00e0, elle offre des vols de transport \u00e0 des endroits difficilement accessibles. Ainsi, chantiers, for\u00eat, terrains agricoles et chalets de montagne peuvent \u00eatre approvisionn\u00e9s de mani\u00e8re rapide et rentable.&nbsp;En hiver, les h\u00e9licopt\u00e8res transportent les clients sur les sommets enneig\u00e9s pour qu\u2019ils puissent d\u00e9valer de fabuleuses descentes accessibles uniquement en h\u00e9liski. Par ailleurs, en d\u00e9clenchant les avalanches \u00e0 l\u2019explosif, Air-Glaciers veille \u00e0 la s\u00e9curit\u00e9 sur les pistes de ski.&nbsp;En effet, durant la journ\u00e9e, un deuxi\u00e8me h\u00e9licopt\u00e8re est exclusivement r\u00e9serv\u00e9 \u00e0 des vols de sauvetage.&nbsp;Air-Glaciers offre des vols en avion taxi ou des vols touristiques tout au long de l\u2019ann\u00e9e. Des vues uniques sur le paysage montagneux au milieu des Alpes suisses.&nbsp;Des instructeurs de vol exp\u00e9riment\u00e9s sont \u00e0 disposition pour des vols de formation \u00e0 partir de Saanen.&nbsp;Des bases suppl\u00e9mentaires se situent&nbsp;\u00e0 Lauterbrunnen, Gampel, La Chaux-de-Fonds, Leysin et \u00e0 Collombey, et la base principale se trouve \u00e0 Sion.&nbsp;La s\u00e9curit\u00e9 dans le trafic a\u00e9rien est la premi\u00e8re priorit\u00e9 pour les sept employ\u00e9(e)s \u00e0 plein temps et les nombreux travailleurs ind\u00e9pendants d\u2019Air-Glaciers Saanen.&nbsp;L\u2019\u00e9quipe comp\u00e9tente et motiv\u00e9e fait tout pour maintenir la satisfaction des [&hellip;]<\/p>\n","protected":false},"author":1,"featured_media":0,"parent":0,"menu_order":0,"comment_status":"open","ping_status":"open","template":"","meta":{"ngg_post_thumbnail":0,"footnotes":""},"class_list":["post-16870","page","type-page","status-publish","hentry"],"_links":{"self":[{"href":"https:\/\/www.gstaad-airport.ch\/fr\/wp-json\/wp\/v2\/pages\/16870","targetHints":{"allow":["GET"]}}],"collection":[{"href":"https:\/\/www.gstaad-airport.ch\/fr\/wp-json\/wp\/v2\/pages"}],"about":[{"href":"https:\/\/www.gstaad-airport.ch\/fr\/wp-json\/wp\/v2\/types\/page"}],"author":[{"embeddable":true,"href":"https:\/\/www.gstaad-airport.ch\/fr\/wp-json\/wp\/v2\/users\/1"}],"replies":[{"embeddable":true,"href":"https:\/\/www.gstaad-airport.ch\/fr\/wp-json\/wp\/v2\/comments?post=16870"}],"version-history":[{"count":12,"href":"https:\/\/www.gstaad-airport.ch\/fr\/wp-json\/wp\/v2\/pages\/16870\/revisions"}],"predecessor-version":[{"id":18864,"href":"https:\/\/www.gstaad-airport.ch\/fr\/wp-json\/wp\/v2\/pages\/16870\/revisions\/18864"}],"wp:attachment":[{"href":"https:\/\/www.gstaad-airport.ch\/fr\/wp-json\/wp\/v2\/media?parent=16870"}],"curies":[{"name":"wp","href":"https:\/\/api.w.org\/{rel}","templated":true}]}}