{"id":16845,"date":"2016-11-23T08:45:16","date_gmt":"2016-11-23T07:45:16","guid":{"rendered":"http:\/\/gstaadairport2.fmufd.ch\/fr\/?page_id=16845"},"modified":"2022-09-02T15:38:46","modified_gmt":"2022-09-02T13:38:46","slug":"informations","status":"publish","type":"page","link":"https:\/\/www.gstaad-airport.ch\/fr\/informations\/","title":{"rendered":"Informations"},"content":{"rendered":"<div class=\"wpb-content-wrapper\"><p>[vc_row row_id=\u00a0\u00bbueber-uns\u00a0\u00bb parallax_content=\u00a0\u00bbparallax_content_value\u00a0\u00bb fadeout_row=\u00a0\u00bbfadeout_row_value\u00a0\u00bb][vc_column width=\u00a0\u00bb1\/2&Prime;][vc_column_text]<\/p>\n<h6><strong>Le portail a\u00e9rien vers Gstaad<\/strong><\/h6>\n<p style=\"text-align: justify;\">Le terrain d\u2019aviation Gstaad-Saanen est comme \u00ab&nbsp;incorpor\u00e9&nbsp;\u00bb dans les Alpes. Il se situe dans une r\u00e9gion magnifique, tr\u00e8s proche de la nature authentique de la Suisse.<\/p>\n<p style=\"text-align: justify;\">Des h\u00f4tes provenant des quatre coins du monde arrivent par cette voie \u00e0 Gstaad. Une fois arriv\u00e9s, \u00e0 l\u2019a\u00e9roport de Gstaad, notre \u00e9quipe vous souhaite personnellement la bienvenue dans le Saanenland. Nous nous r\u00e9jouissons de votre visite !<\/p>\n<p>[\/vc_column_text]<div class=\"spacer\" style=\"height: 5px;\"><\/div>[\/vc_column][vc_column width=\u00a0\u00bb1\/2&Prime;][vc_row_inner][vc_column_inner width=\u00a0\u00bb1\/2&Prime;][\/vc_column_inner][vc_column_inner width=\u00a0\u00bb1\/2&Prime;][\/vc_column_inner][\/vc_row_inner][\/vc_column][\/vc_row][vc_row row_id=\u00a0\u00bbleistungen\u00a0\u00bb][vc_column width=\u00a0\u00bb1\/1&Prime;][vc_column_text]<div class=\"divider divider8\" style='margin:15px 0 15px 0 !important;'><div class=\"divider-icon\"><i class=\"fa fa-chevron-down\"><\/i><\/div><\/div>[\/vc_column_text][\/vc_column][\/vc_row][vc_row][vc_column width=\u00a0\u00bb1\/2&Prime;]<div class=\"spacer\" style=\"height: 30px;\"><\/div>[vc_column_text]<\/p>\n<h6><strong>Prestations de services<\/strong><\/h6>\n<p style=\"text-align: justify;\">Pour une arriv\u00e9e et un d\u00e9part sans probl\u00e8mes \u00e0 l\u2019arriv\u00e9e et au d\u00e9part de l\u2019a\u00e9roport de Gstaad, nous offrons les prestations de services n\u00e9cessaires s\u2019agissant de l\u2019aviation en g\u00e9n\u00e9ral, tels que la gestion, les enregistrements de vols, le ravitaillement, les contr\u00f4les douaniers et de passeports (Schengen\/Non-Schengen). Nous sommes \u00e0 disposition, si vous avez des questions relatives \u00e0 votre vol ou \u00e0 votre s\u00e9jour.<\/p>\n<p>[\/vc_column_text][vc_column_text]<\/p>\n<h6><strong>Offres de vols<\/strong><\/h6>\n<p style=\"text-align: justify;\">Nous travaillons en \u00e9troite collaboration avec des partenaires fiables pour toutes nos offres&nbsp;: avions taxis, transports de mat\u00e9riel, vols h\u00e9liski, sauvetages en h\u00e9licopt\u00e8re, vols affr\u00e9t\u00e9s et maintenance. Vous trouverez davantage d\u2019informations au sujet des offres de nos partenaires <a href=\"https:\/\/www.gstaad-airport.ch\/fr\/compagnies-aeriennes\/\">ici<\/a>.<\/p>\n<p>[\/vc_column_text]<div class=\"spacer\" style=\"height: 5px;\"><\/div>[\/vc_column][vc_column width=\u00a0\u00bb1\/2&Prime;]<div class=\"spacer\" style=\"height: 30px;\"><\/div>[vc_row_inner][vc_column_inner]<div class=\"flexslider wpb_content_element\"><ul class=\"slides\"><li><img decoding=\"async\" src=\"https:\/\/www.gstaad-airport.ch\/wp-content\/uploads\/2016\/10\/Autos_2.jpg\" alt=\"\" \/><\/li><li><img decoding=\"async\" src=\"https:\/\/www.gstaad-airport.ch\/wp-content\/uploads\/2016\/10\/Polo.jpg\" alt=\"\" \/><\/li><\/ul><\/div>[\/vc_column_inner][\/vc_row_inner][\/vc_column][\/vc_row][vc_row row_id=\u00a0\u00bbbetriebzeiten\u00a0\u00bb][vc_column width=\u00a0\u00bb1\/1&Prime;][vc_column_text]<div class=\"divider divider8\" style='margin:15px 0 15px 0 !important;'><div class=\"divider-icon\"><i class=\"fa fa-chevron-down\"><\/i><\/div><\/div>[\/vc_column_text][\/vc_column][\/vc_row][vc_row row_id=\u00a0\u00bbleistungen\u00a0\u00bb parallax_content=\u00a0\u00bbparallax_content_value\u00a0\u00bb fadeout_row=\u00a0\u00bbfadeout_row_value\u00a0\u00bb][vc_column width=\u00a0\u00bb1\/2&Prime;]<div class=\"spacer\" style=\"height: 30px;\"><\/div>[vc_column_text]<\/p>\n<h6><strong>Heures de service<\/strong><\/h6>\n<p>[\/vc_column_text][vc_column_text]<strong>Heures de service:<\/strong>[\/vc_column_text][vc_table el_class=\u00a0\u00bbohnemargin\u00a0\u00bb][c#777777;b]Heures%20de%20service,[c#777777;b]Avion,[c#777777;b]Helicopt%C3%A8re|[c#777777;bg#f3f3f3]Hiver%20(d%C3%A9c%E2%80%93%20mars)%3A,[c#777777;bg#f3f3f3]0800LT%20%E2%80%93%20HRH,[c#777777;bg#f3f3f3]0800LT%20%E2%80%93%202000LT|[c#777777;bg#dddddd]Et%C3%A9%20(juin%20%E2%80%93%20sept)%3A,[c#777777;bg#dddddd]0800LT%20%E2%80%93%20HRH%2C%20latest%202000LT,[c#777777;bg#dddddd]0800LT%20%E2%80%93%202000LT|[c#777777;bg#f3f3f3]Basse%20saison%3A,[c#777777;bg#f3f3f3]0800LT%20%E2%80%93%20HRH%2C%20latest%202000LT,[c#777777;bg#f3f3f3]0800LT%20%E2%80%93%202000LT|[c#777777],[c#777777],[c#777777]|[c#777777;b]Heures%20de%20bureau,[c#777777],[c#777777]|[c#777777;bg#f3f3f3]Demande-PPR,[c#777777;bg#f3f3f3]0800LT%20%E2%80%93%201700LT,[c#777777;bg#f3f3f3]0800LT%20%E2%80%93%201700LT[\/vc_table][vc_column_text]En dehors des heures de bureau sur rendez-vous<\/p>\n<p><strong>Douane:<\/strong><br \/>\nPPR<br \/>\n&#8211;&nbsp;3 heures avant arriv\u00e9e<br \/>\n&#8211; 2 heures avant d\u00e9part<br \/>\n&#8211; sans d\u00e9douanement des marchandises[\/vc_column_text]<div class=\"spacer\" style=\"height: 5px;\"><\/div>[\/vc_column][vc_column width=\u00a0\u00bb1\/2&Prime;]<div class=\"spacer\" style=\"height: 30px;\"><\/div>[vc_row_inner][vc_column_inner width=\u00a0\u00bb1\/2&Prime;][vc_widget_sidebar sidebar_id=\u00a0\u00bbTimeclock\u00a0\u00bb][\/vc_column_inner][vc_column_inner width=\u00a0\u00bb1\/2&Prime;][\/vc_column_inner][\/vc_row_inner][\/vc_column][\/vc_row][vc_row row_id=\u00a0\u00bbmitarbeiter\u00a0\u00bb desktop_visibility=\u00a0\u00bbhide\u00a0\u00bb tablet_landscape_visibility=\u00a0\u00bbhide\u00a0\u00bb tablet_portrait_visibility=\u00a0\u00bbhide\u00a0\u00bb mobile_landscape_visibility=\u00a0\u00bbhide\u00a0\u00bb mobile_portrait_visibility=\u00a0\u00bbhide\u00a0\u00bb][vc_column width=\u00a0\u00bb1\/1&Prime;][vc_column_text]<div class=\"divider divider8\" style='margin:15px 0 15px 0 !important;'><div class=\"divider-icon\"><i class=\"fa fa-chevron-down\"><\/i><\/div><\/div>[\/vc_column_text][\/vc_column][\/vc_row][vc_row desktop_visibility=\u00a0\u00bbhide\u00a0\u00bb tablet_landscape_visibility=\u00a0\u00bbhide\u00a0\u00bb tablet_portrait_visibility=\u00a0\u00bbhide\u00a0\u00bb mobile_landscape_visibility=\u00a0\u00bbhide\u00a0\u00bb mobile_portrait_visibility=\u00a0\u00bbhide\u00a0\u00bb][vc_column width=\u00a0\u00bb1\/1&Prime;]<div class=\"spacer\" style=\"height: 2px;\"><\/div>[vc_column_text]<\/p>\n<h6 style=\"text-align: justify;\"><strong>Collaborateurs<\/strong><\/h6>\n<p>[\/vc_column_text]<div class=\"spacer\" style=\"height: 2px;\"><\/div>[\/vc_column][\/vc_row][vc_row desktop_visibility=\u00a0\u00bbhide\u00a0\u00bb tablet_landscape_visibility=\u00a0\u00bbhide\u00a0\u00bb tablet_portrait_visibility=\u00a0\u00bbhide\u00a0\u00bb mobile_landscape_visibility=\u00a0\u00bbhide\u00a0\u00bb mobile_portrait_visibility=\u00a0\u00bbhide\u00a0\u00bb parallax_content=\u00a0\u00bbparallax_content_value\u00a0\u00bb parallax_content_sense=\u00a0\u00bb30&Prime; fadeout_row=\u00a0\u00bbfadeout_row_value\u00a0\u00bb fadeout_start_effect=\u00a0\u00bb30&Prime;][vc_column width=\u00a0\u00bb1\/4&Prime;]<div class=\"ult-team-member-wrap ult-style-1  \"><div class=\"ult-team-member-image\" style=\"\"> <img decoding=\"async\" class=\"\" src=\"https:\/\/www.gstaad-airport.ch\/wp-content\/uploads\/2020\/07\/Gstaad_Airport_Simon_Anderman_web.jpg\" alt=\"null\"  style=\"\"><span class=\"ult-team-member-image-overlay \"  ><\/span><\/div><div class=\"ult-team-member-bio-wrap style-1 ultimate-heading6a965b65429ae\" style=\"text-align:left;; \"><div class=\"ult-team-member-name-wrap\"><h2 class=\"ult-team-member-name ult-responsive\"  data-ultimate-target='.ult-team-member-bio-wrap.ultimate-heading6a965b65429ae .ult-team-member-name'  data-responsive-json-new='{\"font-size\":\"\",\"line-height\":\"\"}'  style=\"\">Simon Anderman<\/h2><div class=\"ult-team-member-position ult-responsive\"  data-ultimate-target='.ult-team-member-bio-wrap.ultimate-heading6a965b65429ae .ult-team-member-position'  data-responsive-json-new='{\"font-size\":\"\",\"line-height\":\"\"}'  style=\"\">Airport Manager<\/div><div style=\"margin-bottom:15px\"><\/div><\/div><\/div><\/div>[\/vc_column][vc_column width=\u00a0\u00bb1\/4&Prime;]<div class=\"ult-team-member-wrap ult-style-1  \"><div class=\"ult-team-member-image\" style=\"\"> <img decoding=\"async\" class=\"\" src=\"https:\/\/www.gstaad-airport.ch\/wp-content\/uploads\/2020\/07\/Gstaad_Airport_Simone_Oehrli_web.jpg\" alt=\"null\"  style=\"\"><span class=\"ult-team-member-image-overlay \"  ><\/span><\/div><div class=\"ult-team-member-bio-wrap style-1 ultimate-heading6a965b654329f\" style=\"text-align:left;; \"><div class=\"ult-team-member-name-wrap\"><h2 class=\"ult-team-member-name ult-responsive\"  data-ultimate-target='.ult-team-member-bio-wrap.ultimate-heading6a965b654329f .ult-team-member-name'  data-responsive-json-new='{\"font-size\":\"\",\"line-height\":\"\"}'  style=\"\">Simone Oehrli<\/h2><div class=\"ult-team-member-position ult-responsive\"  data-ultimate-target='.ult-team-member-bio-wrap.ultimate-heading6a965b654329f .ult-team-member-position'  data-responsive-json-new='{\"font-size\":\"\",\"line-height\":\"\"}'  style=\"\">Airport Manager<\/div><div style=\"margin-bottom:15px\"><\/div><\/div><\/div><\/div>[\/vc_column][vc_column width=\u00a0\u00bb1\/4&Prime;]<div class=\"ult-team-member-wrap ult-style-1  \"><div class=\"ult-team-member-image\" style=\"\"> <img decoding=\"async\" class=\"\" src=\"https:\/\/www.gstaad-airport.ch\/wp-content\/uploads\/2020\/07\/Gstaad_Airport_Thomas_Roesti_web.jpg\" alt=\"null\"  style=\"\"><span class=\"ult-team-member-image-overlay \"  ><\/span><\/div><div class=\"ult-team-member-bio-wrap style-1 ultimate-heading6a965b6543cf7\" style=\"text-align:left;; \"><div class=\"ult-team-member-name-wrap\"><h2 class=\"ult-team-member-name ult-responsive\"  data-ultimate-target='.ult-team-member-bio-wrap.ultimate-heading6a965b6543cf7 .ult-team-member-name'  data-responsive-json-new='{\"font-size\":\"\",\"line-height\":\"\"}'  style=\"\">Thomas R\u00f6sti<\/h2><div class=\"ult-team-member-position ult-responsive\"  data-ultimate-target='.ult-team-member-bio-wrap.ultimate-heading6a965b6543cf7 .ult-team-member-position'  data-responsive-json-new='{\"font-size\":\"\",\"line-height\":\"\"}'  style=\"\">Chief of Aerodrome<\/div><div style=\"margin-bottom:15px\"><\/div><\/div><\/div><\/div>[\/vc_column][vc_column width=\u00a0\u00bb1\/4&Prime;]<div class=\"ult-team-member-wrap ult-style-1  \"><div class=\"ult-team-member-image\" style=\"\"> <img decoding=\"async\" class=\"\" src=\"https:\/\/www.gstaad-airport.ch\/wp-content\/uploads\/2021\/01\/Gstaad_Airport_Dominique_Kurt_web.jpg\" alt=\"null\"  style=\"\"><span class=\"ult-team-member-image-overlay \"  ><\/span><\/div><div class=\"ult-team-member-bio-wrap style-1 ultimate-heading6a965b6544667\" style=\"text-align:left;; \"><div class=\"ult-team-member-name-wrap\"><h2 class=\"ult-team-member-name ult-responsive\"  data-ultimate-target='.ult-team-member-bio-wrap.ultimate-heading6a965b6544667 .ult-team-member-name'  data-responsive-json-new='{\"font-size\":\"\",\"line-height\":\"\"}'  style=\"\">Erich Imboden<\/h2><div style=\"margin-bottom:15px\"><\/div><\/div><\/div><\/div>[\/vc_column][\/vc_row][vc_row desktop_visibility=\u00a0\u00bbhide\u00a0\u00bb tablet_landscape_visibility=\u00a0\u00bbhide\u00a0\u00bb tablet_portrait_visibility=\u00a0\u00bbhide\u00a0\u00bb mobile_landscape_visibility=\u00a0\u00bbhide\u00a0\u00bb mobile_portrait_visibility=\u00a0\u00bbhide\u00a0\u00bb parallax_content=\u00a0\u00bbparallax_content_value\u00a0\u00bb parallax_content_sense=\u00a0\u00bb30&Prime; fadeout_row=\u00a0\u00bbfadeout_row_value\u00a0\u00bb fadeout_start_effect=\u00a0\u00bb30&Prime;][vc_column width=\u00a0\u00bb1\/4&Prime;]<div class=\"ult-team-member-wrap ult-style-1  \"><div class=\"ult-team-member-image\" style=\"\"> <img decoding=\"async\" class=\"\" src=\"https:\/\/www.gstaad-airport.ch\/wp-content\/uploads\/2020\/07\/Gstaad_Airport_Nicolas_Marti_web.jpg\" alt=\"null\"  style=\"\"><span class=\"ult-team-member-image-overlay \"  ><\/span><\/div><div class=\"ult-team-member-bio-wrap style-1 ultimate-heading6a965b6545118\" style=\"text-align:left;; \"><div class=\"ult-team-member-name-wrap\"><h2 class=\"ult-team-member-name ult-responsive\"  data-ultimate-target='.ult-team-member-bio-wrap.ultimate-heading6a965b6545118 .ult-team-member-name'  data-responsive-json-new='{\"font-size\":\"\",\"line-height\":\"\"}'  style=\"\">Nicolas Marti<\/h2><div class=\"ult-team-member-position ult-responsive\"  data-ultimate-target='.ult-team-member-bio-wrap.ultimate-heading6a965b6545118 .ult-team-member-position'  data-responsive-json-new='{\"font-size\":\"\",\"line-height\":\"\"}'  style=\"\">FBO \/ FIRECAT \/ SNOW CLEARING<\/div><div style=\"margin-bottom:15px\"><\/div><\/div><\/div><\/div>[\/vc_column][vc_column width=\u00a0\u00bb1\/4&Prime;]<div class=\"ult-team-member-wrap ult-style-1  \"><div class=\"ult-team-member-image\" style=\"\"> <img decoding=\"async\" class=\"\" src=\"https:\/\/www.gstaad-airport.ch\/wp-content\/uploads\/2021\/12\/Gstaad_Airport_Woman.jpg\" alt=\"null\"  style=\"\"><span class=\"ult-team-member-image-overlay \"  ><\/span><\/div><div class=\"ult-team-member-bio-wrap style-1 ultimate-heading6a965b6545a72\" style=\"text-align:left;; \"><div class=\"ult-team-member-name-wrap\"><h2 class=\"ult-team-member-name ult-responsive\"  data-ultimate-target='.ult-team-member-bio-wrap.ultimate-heading6a965b6545a72 .ult-team-member-name'  data-responsive-json-new='{\"font-size\":\"\",\"line-height\":\"\"}'  style=\"\">Julia D\u00f6pfner<\/h2><div class=\"ult-team-member-position ult-responsive\"  data-ultimate-target='.ult-team-member-bio-wrap.ultimate-heading6a965b6545a72 .ult-team-member-position'  data-responsive-json-new='{\"font-size\":\"\",\"line-height\":\"\"}'  style=\"\">FBO<\/div><div style=\"margin-bottom:15px\"><\/div><\/div><\/div><\/div>[\/vc_column][vc_column width=\u00a0\u00bb1\/4&Prime;]<div class=\"ult-team-member-wrap ult-style-1  \"><div class=\"ult-team-member-image\" style=\"\"> <img decoding=\"async\" class=\"\" src=\"https:\/\/www.gstaad-airport.ch\/wp-content\/uploads\/2021\/01\/Gstaad_Airport_Dominique_Kurt_web.jpg\" alt=\"null\"  style=\"\"><span class=\"ult-team-member-image-overlay \"  ><\/span><\/div><div class=\"ult-team-member-bio-wrap style-1 ultimate-heading6a965b6545d1f\" style=\"text-align:left;; \"><div class=\"ult-team-member-name-wrap\"><h2 class=\"ult-team-member-name ult-responsive\"  data-ultimate-target='.ult-team-member-bio-wrap.ultimate-heading6a965b6545d1f .ult-team-member-name'  data-responsive-json-new='{\"font-size\":\"\",\"line-height\":\"\"}'  style=\"\">Nuno Rodrigues<\/h2><div class=\"ult-team-member-position ult-responsive\"  data-ultimate-target='.ult-team-member-bio-wrap.ultimate-heading6a965b6545d1f .ult-team-member-position'  data-responsive-json-new='{\"font-size\":\"\",\"line-height\":\"\"}'  style=\"\">FBO<\/div><div style=\"margin-bottom:15px\"><\/div><\/div><\/div><\/div>[\/vc_column][vc_column width=\u00a0\u00bb1\/4&Prime;]<div class=\"ult-team-member-wrap ult-style-1  \"><div class=\"ult-team-member-image\" style=\"\"> <img decoding=\"async\" class=\"\" src=\"https:\/\/www.gstaad-airport.ch\/wp-content\/uploads\/2021\/01\/Gstaad_Airport_Dominique_Kurt_web.jpg\" alt=\"null\"  style=\"\"><span class=\"ult-team-member-image-overlay \"  ><\/span><\/div><div class=\"ult-team-member-bio-wrap style-1 ultimate-heading6a965b6545f20\" style=\"text-align:left;; \"><div class=\"ult-team-member-name-wrap\"><h2 class=\"ult-team-member-name ult-responsive\"  data-ultimate-target='.ult-team-member-bio-wrap.ultimate-heading6a965b6545f20 .ult-team-member-name'  data-responsive-json-new='{\"font-size\":\"\",\"line-height\":\"\"}'  style=\"\">Eric Fankhauser<\/h2><div class=\"ult-team-member-position ult-responsive\"  data-ultimate-target='.ult-team-member-bio-wrap.ultimate-heading6a965b6545f20 .ult-team-member-position'  data-responsive-json-new='{\"font-size\":\"\",\"line-height\":\"\"}'  style=\"\">FBO Stagiaire<\/div><div style=\"margin-bottom:15px\"><\/div><\/div><\/div><\/div>[\/vc_column][\/vc_row][vc_row parallax_content=\u00a0\u00bbparallax_content_value\u00a0\u00bb parallax_content_sense=\u00a0\u00bb30&Prime; fadeout_row=\u00a0\u00bbfadeout_row_value\u00a0\u00bb fadeout_start_effect=\u00a0\u00bb30&Prime;][vc_column width=\u00a0\u00bb1\/4&Prime;][\/vc_column][vc_column width=\u00a0\u00bb1\/4&Prime;][\/vc_column][vc_column width=\u00a0\u00bb1\/4&Prime;][\/vc_column][vc_column width=\u00a0\u00bb1\/4&Prime;][\/vc_column][\/vc_row][vc_row][vc_column width=\u00a0\u00bb1\/1&Prime;][\/vc_column][\/vc_row][vc_row desktop_visibility=\u00a0\u00bbhide\u00a0\u00bb tablet_landscape_visibility=\u00a0\u00bbhide\u00a0\u00bb tablet_portrait_visibility=\u00a0\u00bbhide\u00a0\u00bb mobile_landscape_visibility=\u00a0\u00bbhide\u00a0\u00bb mobile_portrait_visibility=\u00a0\u00bbhide\u00a0\u00bb][vc_column width=\u00a0\u00bb1\/1&Prime;]<div class=\"spacer\" style=\"height: 2px;\"><\/div>[vc_column_text]<\/p>\n<h6 style=\"text-align: justify;\"><strong>Sapeurs-pompiers <\/strong><\/h6>\n<p>[\/vc_column_text]<div class=\"spacer\" style=\"height: 2px;\"><\/div>[\/vc_column][\/vc_row][vc_row desktop_visibility=\u00a0\u00bbhide\u00a0\u00bb tablet_landscape_visibility=\u00a0\u00bbhide\u00a0\u00bb tablet_portrait_visibility=\u00a0\u00bbhide\u00a0\u00bb mobile_landscape_visibility=\u00a0\u00bbhide\u00a0\u00bb mobile_portrait_visibility=\u00a0\u00bbhide\u00a0\u00bb][vc_column width=\u00a0\u00bb1\/4&Prime;]<div class=\"ult-team-member-wrap ult-style-1  \"><div class=\"ult-team-member-image\" style=\"\"> <img decoding=\"async\" class=\"\" src=\"https:\/\/www.gstaad-airport.ch\/wp-content\/uploads\/2016\/10\/Zwahlen-Daniel_Feuerwehrmann_web.jpg\" alt=\"null\"  style=\"\"><span class=\"ult-team-member-image-overlay \"  ><\/span><\/div><div class=\"ult-team-member-bio-wrap style-1 ultimate-heading6a965b6546a88\" style=\"text-align:left;; \"><div class=\"ult-team-member-name-wrap\"><h2 class=\"ult-team-member-name ult-responsive\"  data-ultimate-target='.ult-team-member-bio-wrap.ultimate-heading6a965b6546a88 .ult-team-member-name'  data-responsive-json-new='{\"font-size\":\"\",\"line-height\":\"\"}'  style=\"\">Daniel Zwahlen<\/h2><div class=\"ult-team-member-position ult-responsive\"  data-ultimate-target='.ult-team-member-bio-wrap.ultimate-heading6a965b6546a88 .ult-team-member-position'  data-responsive-json-new='{\"font-size\":\"\",\"line-height\":\"\"}'  style=\"\">Commandant du corps de sapeurs-pompiers<\/div><div style=\"margin-bottom:15px\"><\/div><\/div><\/div><\/div>[\/vc_column][vc_column width=\u00a0\u00bb1\/4&Prime;]<div class=\"ult-team-member-wrap ult-style-1  \"><div class=\"ult-team-member-image\" style=\"\"> <img decoding=\"async\" class=\"\" src=\"https:\/\/www.gstaad-airport.ch\/wp-content\/uploads\/2016\/10\/Gerber-Fredel_Feuerwehrmann_web.jpg\" alt=\"null\"  style=\"\"><span class=\"ult-team-member-image-overlay \"  ><\/span><\/div><div class=\"ult-team-member-bio-wrap style-1 ultimate-heading6a965b6547662\" style=\"text-align:left;; \"><div class=\"ult-team-member-name-wrap\"><h2 class=\"ult-team-member-name ult-responsive\"  data-ultimate-target='.ult-team-member-bio-wrap.ultimate-heading6a965b6547662 .ult-team-member-name'  data-responsive-json-new='{\"font-size\":\"\",\"line-height\":\"\"}'  style=\"\">Fredel Gerber<\/h2><div class=\"ult-team-member-position ult-responsive\"  data-ultimate-target='.ult-team-member-bio-wrap.ultimate-heading6a965b6547662 .ult-team-member-position'  data-responsive-json-new='{\"font-size\":\"\",\"line-height\":\"\"}'  style=\"\">Pompier<\/div><div style=\"margin-bottom:15px\"><\/div><\/div><\/div><\/div>[\/vc_column][vc_column width=\u00a0\u00bb1\/4&Prime;]<div class=\"ult-team-member-wrap ult-style-1  \"><div class=\"ult-team-member-image\" style=\"\"> <img decoding=\"async\" class=\"\" src=\"https:\/\/www.gstaad-airport.ch\/wp-content\/uploads\/2016\/10\/Fischer-Max_Feuerwehrmann_web.jpg\" alt=\"null\"  style=\"\"><span class=\"ult-team-member-image-overlay \"  ><\/span><\/div><div class=\"ult-team-member-bio-wrap style-1 ultimate-heading6a965b6547fba\" style=\"text-align:left;; \"><div class=\"ult-team-member-name-wrap\"><h2 class=\"ult-team-member-name ult-responsive\"  data-ultimate-target='.ult-team-member-bio-wrap.ultimate-heading6a965b6547fba .ult-team-member-name'  data-responsive-json-new='{\"font-size\":\"\",\"line-height\":\"\"}'  style=\"\">Max Fischer<\/h2><div class=\"ult-team-member-position ult-responsive\"  data-ultimate-target='.ult-team-member-bio-wrap.ultimate-heading6a965b6547fba .ult-team-member-position'  data-responsive-json-new='{\"font-size\":\"\",\"line-height\":\"\"}'  style=\"\">Pompier<\/div><div style=\"margin-bottom:15px\"><\/div><\/div><\/div><\/div>[\/vc_column][vc_column width=\u00a0\u00bb1\/4&Prime;]<div class=\"ult-team-member-wrap ult-style-1  \"><div class=\"ult-team-member-image\" style=\"\"> <img decoding=\"async\" class=\"\" src=\"https:\/\/www.gstaad-airport.ch\/wp-content\/uploads\/2016\/10\/Grundisch-Ueli_Feuerwehrmann_web.jpg.jpg\" alt=\"null\"  style=\"\"><span class=\"ult-team-member-image-overlay \"  ><\/span><\/div><div class=\"ult-team-member-bio-wrap style-1 ultimate-heading6a965b654892f\" style=\"text-align:left;; \"><div class=\"ult-team-member-name-wrap\"><h2 class=\"ult-team-member-name ult-responsive\"  data-ultimate-target='.ult-team-member-bio-wrap.ultimate-heading6a965b654892f .ult-team-member-name'  data-responsive-json-new='{\"font-size\":\"\",\"line-height\":\"\"}'  style=\"\">Ueli Grundisch<\/h2><div class=\"ult-team-member-position ult-responsive\"  data-ultimate-target='.ult-team-member-bio-wrap.ultimate-heading6a965b654892f .ult-team-member-position'  data-responsive-json-new='{\"font-size\":\"\",\"line-height\":\"\"}'  style=\"\">Pompier<\/div><div style=\"margin-bottom:15px\"><\/div><\/div><\/div><\/div>[\/vc_column][\/vc_row][vc_row desktop_visibility=\u00a0\u00bbhide\u00a0\u00bb tablet_landscape_visibility=\u00a0\u00bbhide\u00a0\u00bb tablet_portrait_visibility=\u00a0\u00bbhide\u00a0\u00bb mobile_landscape_visibility=\u00a0\u00bbhide\u00a0\u00bb mobile_portrait_visibility=\u00a0\u00bbhide\u00a0\u00bb][vc_column width=\u00a0\u00bb1\/4&Prime;]<div class=\"ult-team-member-wrap ult-style-1  \"><div class=\"ult-team-member-image\" style=\"\"> <img decoding=\"async\" class=\"\" src=\"https:\/\/www.gstaad-airport.ch\/wp-content\/uploads\/2016\/10\/Tschanz-Markus_Feuerwehrmann_web.jpg\" alt=\"null\"  style=\"\"><span class=\"ult-team-member-image-overlay \"  ><\/span><\/div><div class=\"ult-team-member-bio-wrap style-1 ultimate-heading6a965b654929b\" style=\"text-align:left;; \"><div class=\"ult-team-member-name-wrap\"><h2 class=\"ult-team-member-name ult-responsive\"  data-ultimate-target='.ult-team-member-bio-wrap.ultimate-heading6a965b654929b .ult-team-member-name'  data-responsive-json-new='{\"font-size\":\"\",\"line-height\":\"\"}'  style=\"\">Markus Tschanz<\/h2><div class=\"ult-team-member-position ult-responsive\"  data-ultimate-target='.ult-team-member-bio-wrap.ultimate-heading6a965b654929b .ult-team-member-position'  data-responsive-json-new='{\"font-size\":\"\",\"line-height\":\"\"}'  style=\"\">Pompier<\/div><div style=\"margin-bottom:15px\"><\/div><\/div><\/div><\/div>[\/vc_column][vc_column width=\u00a0\u00bb1\/4&Prime;]<div class=\"ult-team-member-wrap ult-style-1  \"><div class=\"ult-team-member-image\" style=\"\"> <img decoding=\"async\" class=\"\" src=\"https:\/\/www.gstaad-airport.ch\/wp-content\/uploads\/2016\/10\/Soltermann-Remo_Feuerwehrmann_web.jpg\" alt=\"null\"  style=\"\"><span class=\"ult-team-member-image-overlay \"  ><\/span><\/div><div class=\"ult-team-member-bio-wrap style-1 ultimate-heading6a965b6549b98\" style=\"text-align:left;; \"><div class=\"ult-team-member-name-wrap\"><h2 class=\"ult-team-member-name ult-responsive\"  data-ultimate-target='.ult-team-member-bio-wrap.ultimate-heading6a965b6549b98 .ult-team-member-name'  data-responsive-json-new='{\"font-size\":\"\",\"line-height\":\"\"}'  style=\"\">Remo Sch\u00f6nmann<\/h2><div class=\"ult-team-member-position ult-responsive\"  data-ultimate-target='.ult-team-member-bio-wrap.ultimate-heading6a965b6549b98 .ult-team-member-position'  data-responsive-json-new='{\"font-size\":\"\",\"line-height\":\"\"}'  style=\"\">Pompier<\/div><div style=\"margin-bottom:15px\"><\/div><\/div><\/div><\/div>[\/vc_column][vc_column width=\u00a0\u00bb1\/4&Prime;]<div class=\"ult-team-member-wrap ult-style-1  \"><div class=\"ult-team-member-image\" style=\"\"> <img decoding=\"async\" class=\"\" src=\"https:\/\/www.gstaad-airport.ch\/wp-content\/uploads\/2016\/10\/Steffen-Ruedi_Feuerwehrmann_web.jpg\" alt=\"null\"  style=\"\"><span class=\"ult-team-member-image-overlay \"  ><\/span><\/div><div class=\"ult-team-member-bio-wrap style-1 ultimate-heading6a965b654a51d\" style=\"text-align:left;; \"><div class=\"ult-team-member-name-wrap\"><h2 class=\"ult-team-member-name ult-responsive\"  data-ultimate-target='.ult-team-member-bio-wrap.ultimate-heading6a965b654a51d .ult-team-member-name'  data-responsive-json-new='{\"font-size\":\"\",\"line-height\":\"\"}'  style=\"\">Ruedi Steffen<\/h2><div class=\"ult-team-member-position ult-responsive\"  data-ultimate-target='.ult-team-member-bio-wrap.ultimate-heading6a965b654a51d .ult-team-member-position'  data-responsive-json-new='{\"font-size\":\"\",\"line-height\":\"\"}'  style=\"\">Pompier<\/div><div style=\"margin-bottom:15px\"><\/div><\/div><\/div><\/div>[\/vc_column][vc_column width=\u00a0\u00bb1\/4&Prime;]<div class=\"ult-team-member-wrap ult-style-1  \"><div class=\"ult-team-member-image\" style=\"\"> <img decoding=\"async\" class=\"\" src=\"https:\/\/www.gstaad-airport.ch\/wp-content\/uploads\/2016\/10\/Marti-Toni_Feuerwehrkommandant_web.jpg\" alt=\"null\"  style=\"\"><span class=\"ult-team-member-image-overlay \"  ><\/span><\/div><div class=\"ult-team-member-bio-wrap style-1 ultimate-heading6a965b654af1a\" style=\"text-align:left;; \"><div class=\"ult-team-member-name-wrap\"><h2 class=\"ult-team-member-name ult-responsive\"  data-ultimate-target='.ult-team-member-bio-wrap.ultimate-heading6a965b654af1a .ult-team-member-name'  data-responsive-json-new='{\"font-size\":\"\",\"line-height\":\"\"}'  style=\"\">Toni Marti<\/h2><div class=\"ult-team-member-position ult-responsive\"  data-ultimate-target='.ult-team-member-bio-wrap.ultimate-heading6a965b654af1a .ult-team-member-position'  data-responsive-json-new='{\"font-size\":\"\",\"line-height\":\"\"}'  style=\"\">Pompier<\/div><div style=\"margin-bottom:15px\"><\/div><\/div><\/div><\/div>[\/vc_column][\/vc_row][vc_row row_id=\u00a0\u00bbgeschichte\u00a0\u00bb][vc_column width=\u00a0\u00bb1\/1&Prime;][vc_column_text]<div class=\"divider divider8\" style='margin:50px 0 60px 0 !important;'><div class=\"divider-icon\"><i class=\"fa fa-chevron-down\"><\/i><\/div><\/div>[\/vc_column_text][\/vc_column][\/vc_row][vc_row][vc_column width=\u00a0\u00bb1\/1&Prime;][vc_row_inner][vc_column_inner][vc_column_text]<\/p>\n<h6>Historique<\/h6>\n<p>[\/vc_column_text][\/vc_column_inner][\/vc_row_inner]<div class=\"spacer\" style=\"height: 20px;\"><\/div><div class=\"flexslider wpb_content_element\"><ul class=\"slides\"><li><img decoding=\"async\" src=\"https:\/\/www.gstaad-airport.ch\/wp-content\/uploads\/2016\/11\/01_Flugplatzbuch_web.jpg\" alt=\"\" \/><\/li><li><img decoding=\"async\" src=\"https:\/\/www.gstaad-airport.ch\/wp-content\/uploads\/2016\/11\/02_Flugplatzbuch_web.jpg\" alt=\"\" \/><\/li><li><img decoding=\"async\" src=\"https:\/\/www.gstaad-airport.ch\/wp-content\/uploads\/2016\/11\/03_Flugplatzbuch_web.jpg\" alt=\"\" \/><\/li><li><img decoding=\"async\" src=\"https:\/\/www.gstaad-airport.ch\/wp-content\/uploads\/2016\/11\/04_Flugplatzbuch_web.jpg\" alt=\"\" \/><\/li><li><img decoding=\"async\" src=\"https:\/\/www.gstaad-airport.ch\/wp-content\/uploads\/2016\/11\/05_Flugplatzbuch_web.jpg\" alt=\"\" \/><\/li><\/ul><\/div><div class=\"spacer\" style=\"height: 20px;\"><\/div>[\/vc_column][\/vc_row][vc_row row_id=\u00a0\u00bbleistungen\u00a0\u00bb parallax_content=\u00a0\u00bbparallax_content_value\u00a0\u00bb fadeout_row=\u00a0\u00bbfadeout_row_value\u00a0\u00bb][vc_column width=\u00a0\u00bb1\/2&Prime;]<div class=\"spacer\" style=\"height: 30px;\"><\/div>[vc_column_text]<\/p>\n<p style=\"text-align: justify;\">Tout commen\u00e7a avec la strat\u00e9gie de r\u00e9duction pendant la Deuxi\u00e8me Guerre Mondiale. Avec la concentration de l\u2019arm\u00e9e dans les Alpes, les terrains d\u2019aviation militaires situ\u00e9s dans la r\u00e9gion du plateau suisse (Mittelland) n\u2019\u00e9taient pas suffisamment d\u00e9fendus, ce qui rendit n\u00e9cessaire leur remplacement par des champs d\u2019aviation au sein de la zone r\u00e9duite. C\u2019est \u00e9galement pour cette raison que la construction du terrain d\u2019aviation Saanen fut ordonn\u00e9e.<\/p>\n<p style=\"text-align: justify;\">En octobre 1939, toutes les pr\u00e9parations pour cette nouvelle base a\u00e9rienne \u00e9taient conclues et l\u2019emm\u00e9nagement de Saanen put \u00eatre commenc\u00e9. Toutefois, le champ \u00e9tait uniquement constitu\u00e9e par une grande surface mar\u00e9cageuse, qui dut d\u2019abord \u00eatre dam\u00e9e et peu \u00e0 peu drain\u00e9e. Avec l\u2019introduction d\u2019avions plus lourds, la piste en herbe n\u2019\u00e9tait toutefois plus suffisante. Au d\u00e9but de l\u2019ann\u00e9e 1942, on commen\u00e7a donc avec la construction d\u2019une piste en dur de 900 \u00e0 40 m\u00e8tres. En m\u00eame temps, on proc\u00e9da \u00e0 la solidification et au drainage des zones de roulement, \u00e0 la construction de voies d\u2019acc\u00e8s et de ponts et on \u00e9limina tout obstacle au vol. L\u2019ouverture de la nouvelle piste eut d\u00e9j\u00e0 lieu fin 1942.<\/p>\n<p style=\"text-align: justify;\">Les ann\u00e9es de guerre actives firent place \u00e0 la guerre froide et l\u2019occupation militaire de Saanen augmenta encore d\u2019avantage. En tant qu\u2019objet militaire, le terrain d\u2019aviation \u00e9tait \u00abintouchable\u00bb pour les pilotes priv\u00e9s, ce qui augmenta probablement encore plus l\u2019envie de voler ici.&nbsp;En 1970, le terrain d\u2019aviation de Saanen ne figurait pas dans l\u2019almanach a\u00e9ronautique, qui correspond au manuel d\u2019information a\u00e9ronautique (AIP) actuel. DE m\u00eame, on ne le trouve non plus pas sur les cartes nationales de l\u2019\u00e9poque, \u00e9tant donn\u00e9 qu\u2019il \u00e9tait soumis au secret militaire jusque tard dans les ann\u00e9es 80.<\/p>\n<p>[\/vc_column_text]<div class=\"spacer\" style=\"height: 20px;\"><\/div>[\/vc_column][vc_column width=\u00a0\u00bb1\/2&Prime;]<div class=\"spacer\" style=\"height: 30px;\"><\/div>[vc_column_text]<\/p>\n<p style=\"text-align: justify;\">La premi\u00e8re autorisation d\u2019exception pour une utilisation par des avions civiles fut attribu\u00e9e pour la premi\u00e8re fois en 1946. Ainsi, pour les pilotes d\u2019avions motoris\u00e9s ainsi que pour les planeurs, le charme \u00e9tait rompu. Les acteurs touristiques n\u2019h\u00e9sit\u00e8rent pas longtemps. D\u00e9j\u00e0 un an plus tard, en juin 1947, une d\u00e9monstration a\u00e9rienne pour la population fut annonc\u00e9e par l\u2019association des h\u00f4teliers, ensemble avec l\u2019office du tourisme de Gstaad.<\/p>\n<p style=\"text-align: justify;\">En tant que premi\u00e8re exploitante civile du terrain d\u2019aviation, ce fut l\u2019A\u00e9rodrome R\u00e9gional de Montreux SA \u2013 plus tard nomm\u00e9e Aeroleasing SA Genf \u2013 qui osa mettre en place une infrastructure civile en 1965. La premi\u00e8re Air Sarina fut fond\u00e9e en 1979. En 1984, Air-Glaciers occupa ses bureaux \u00e0 Saanen et en 1986, il y eut la fondation de l\u2019association coop\u00e9rative de terrain d\u2019aviation Gstaad-Saanenland (FGGS), dont l\u2019objectif prioritaire fut la s\u00e9curisation de l\u2019exploitation du trafic a\u00e9rien ainsi que l\u2019assainissement de la piste.<\/p>\n<p style=\"text-align: justify;\">Il y eut besoin de beaucoup d\u2019engagement de la part de personnes priv\u00e9es et d\u2019entreprises, afin de transformer le chemin d\u2019aviation militaire en un terrain d\u2019aviation \u00e0 utilisation civile. Gr\u00e2ce \u00e0 la fondation de l\u2019association coop\u00e9rative de terrain d\u2019aviation, \u00e0 l\u2019engagement de Air-Glaciers ainsi qu\u2019\u00e0 l\u2019esprit entrepreneurial du chef de Aeroleasing, Ernst Saxer, et \u00e9galement \u00e0 TAG-Aviation, le d\u00e9veloppement des d\u00e9buts militaires \u00e0 un centre de l\u2019aviation g\u00e9n\u00e9rale dans le Saanenland avait \u00e9t\u00e9 rendu possible.<\/p>\n<p>[\/vc_column_text]<div class=\"spacer\" style=\"height: 20px;\"><\/div>[\/vc_column][\/vc_row][vc_row row_id=\u00a0\u00bbbuch\u00a0\u00bb][vc_column width=\u00a0\u00bb1\/1&Prime;][vc_row_inner][vc_column_inner][\/vc_column_inner][\/vc_row_inner][vc_column_text]<div class=\"divider divider8\" style='margin:50px 0 60px 0 !important;'><div class=\"divider-icon\"><i class=\"fa fa-chevron-down\"><\/i><\/div><\/div>[\/vc_column_text][\/vc_column][\/vc_row][vc_row][vc_column width=\u00a0\u00bb1\/1&Prime;][vc_column_text]<\/p>\n<h6>Shop<\/h6>\n<p>[\/vc_column_text]<div class=\"spacer\" style=\"height: 30px;\"><\/div>[\/vc_column][\/vc_row][vc_row bg_color=\u00a0\u00bb#f2f2f2&Prime; parallax_content=\u00a0\u00bbparallax_content_value\u00a0\u00bb fadeout_row=\u00a0\u00bbfadeout_row_value\u00a0\u00bb][vc_column width=\u00a0\u00bb1\/2&Prime;][vc_row_inner][vc_column_inner]<div class=\"spacer\" style=\"height: 30px;\"><\/div>[vc_column_text]<\/p>\n<h6>\u00abCome-up, Touch-down\u00bb<\/h6>\n<p style=\"text-align: justify;\">\u00ab Come up \u2013 touch down : Historique et histoires autour de l\u2019aviation au Saanenland&nbsp;\u00bb d\u00e9voile les derniers secrets du terrain d\u2019aviation jadis ultra-secret de Saanen.<\/p>\n<p style=\"text-align: justify;\">Avec beaucoup d\u2019entrain et de passion, le livre nous emm\u00e8ne d\u00e9couvrir l\u2019histoire de cette base&nbsp;: sa fondation, le secret militaire, l\u2019utilisation civile au cours des ann\u00e9es 1940, enfin, la reprise d\u00e9finitive par des organisations civiles. En outre, une attention particuli\u00e8re est vou\u00e9e aux conditions sp\u00e9cifiques de la r\u00e9gion, qui ont fait du terrain d\u2019aviation ce qu\u2019il est aujourd\u2019hui. Les textes sont illustr\u00e9s par des images, qui ne manquent pas de susciter l\u2019enthousiasme chez les personnes int\u00e9ress\u00e9es par l\u2019aviation.<\/p>\n<p>[\/vc_column_text][\/vc_column_inner][\/vc_row_inner]<div class=\"spacer\" style=\"height: 5px;\"><\/div>[vc_column_text]<strong>Mentions l\u00e9gales<\/strong><br \/>\n<strong>Titre :<\/strong> Come up, touch down :<br \/>\nHistorique et histoires autour de l\u2019aviation dans le Saanenland<br \/>\n<strong>\u00c9diteur et auteur :<\/strong> Lukas Kappenberger<br \/>\n<strong>Co-auteurs : <\/strong>R\u00f6bi M\u00f6hl et Ren\u00e9 Z\u00fcrcher<br \/>\nMaison d\u2019\u00e9dition : M\u00fcller Medien AG, Gstaad<br \/>\n<strong>Graphique et mise en page :<\/strong> M\u00fcller Marketing &amp; Druck AG, Gstaad<br \/>\n<strong>Impression et production :<\/strong><br \/>\nM\u00fcller Marketing &amp; Druck AG, Gstaad \/ Egger AG, Frutigen<br \/>\n<strong>Papier :<\/strong> Imprim\u00e9 sur Claro Silk de Antalis AG<br \/>\n<strong>Tirage :<\/strong> 1000 Ex., 2016<br \/>\n<strong>Copyright \u00a9<\/strong> Tous droits r\u00e9serv\u00e9s. L\u2019ouvrage, sans autorisation expresse par la maison d\u2019\u00e9dition, en int\u00e9gralit\u00e9 ou m\u00eame partiellement, ne doit ni \u00eatre reproduit, polycopi\u00e9, trait\u00e9, transmis ni copi\u00e9 de quelque fa\u00e7on que ce soit, par ex. manuellement ou par moyen de syst\u00e8mes \u00e9lectroniques ou m\u00e9caniques, y compris le photocopiage, l\u2019enregistrement sur bande et la sauvegarde de donn\u00e9es.<br \/>\n<strong>ISBN :<\/strong> 978-3-907041-66-6<br \/>\n<strong>Source illustration de couverture \u00e0 l\u2019avant :<\/strong> Lukas Kappenberger<br \/>\n<strong>Source illustration de couverture \u00e0 l\u2019arri\u00e8re :<\/strong> Ren\u00e9 Z\u00fcrcher<\/p>\n<p><strong>Prix:<\/strong> CHF 75.-<br \/>\n<strong>Frais de port:<\/strong> Suisse CHF 7.-, \u00e0 l&rsquo;\u00e9tranger sur demande[\/vc_column_text]<div class=\"spacer\" style=\"height: 15px;\"><\/div>[\/vc_column][vc_column width=\u00a0\u00bb1\/2&Prime;][vc_row_inner][vc_column_inner]<div class=\"spacer\" style=\"height: 20px;\"><\/div><div class=\"flexslider wpb_content_element\"><ul class=\"slides\"><li><img decoding=\"async\" src=\"https:\/\/www.gstaad-airport.ch\/wp-content\/uploads\/2016\/10\/Buch_Mockup2.jpg\" alt=\"\" \/><\/li><li><img decoding=\"async\" src=\"https:\/\/www.gstaad-airport.ch\/wp-content\/uploads\/2016\/10\/Buch_Mockup3.jpg\" alt=\"\" \/><\/li><\/ul><\/div>[vc_column_text]<strong>Commande<br \/>\n<\/strong>Commander directement chez <a href=\"https:\/\/www.mmedien.ch\/verlagsprodukte\/buecher\/come-up-touch-down-2\/\" target=\"_blank\" rel=\"noopener\">M\u00fcller Medien<\/a>[\/vc_column_text][\/vc_column_inner][\/vc_row_inner]<div class=\"spacer\" style=\"height: 10px;\"><\/div>[\/vc_column][\/vc_row]<\/p>\n<\/div>","protected":false},"excerpt":{"rendered":"<p>[vc_row row_id=\u00a0\u00bbueber-uns\u00a0\u00bb parallax_content=\u00a0\u00bbparallax_content_value\u00a0\u00bb fadeout_row=\u00a0\u00bbfadeout_row_value\u00a0\u00bb][vc_column width=\u00a0\u00bb1\/2&Prime;][vc_column_text] Le portail a\u00e9rien vers Gstaad Le terrain d\u2019aviation Gstaad-Saanen est comme \u00ab&nbsp;incorpor\u00e9&nbsp;\u00bb dans les Alpes. Il se situe dans une r\u00e9gion magnifique, tr\u00e8s proche de la nature authentique de la Suisse. Des h\u00f4tes provenant des quatre coins du monde arrivent par cette voie \u00e0 Gstaad. Une fois arriv\u00e9s, \u00e0 l\u2019a\u00e9roport de Gstaad, notre \u00e9quipe vous souhaite personnellement la bienvenue dans le Saanenland. Nous nous r\u00e9jouissons de votre visite ! [\/vc_column_text][\/vc_column][vc_column width=\u00a0\u00bb1\/2&Prime;][vc_row_inner][vc_column_inner width=\u00a0\u00bb1\/2&Prime;][\/vc_column_inner][vc_column_inner width=\u00a0\u00bb1\/2&Prime;][\/vc_column_inner][\/vc_row_inner][\/vc_column][\/vc_row][vc_row row_id=\u00a0\u00bbleistungen\u00a0\u00bb][vc_column width=\u00a0\u00bb1\/1&Prime;][vc_column_text][\/vc_column_text][\/vc_column][\/vc_row][vc_row][vc_column width=\u00a0\u00bb1\/2&Prime;][vc_column_text] Prestations de services Pour une arriv\u00e9e et un d\u00e9part sans probl\u00e8mes \u00e0 l\u2019arriv\u00e9e et au d\u00e9part de l\u2019a\u00e9roport de Gstaad, nous offrons les prestations de services n\u00e9cessaires s\u2019agissant de l\u2019aviation en g\u00e9n\u00e9ral, tels que la gestion, les enregistrements de vols, le ravitaillement, les contr\u00f4les douaniers et de passeports (Schengen\/Non-Schengen). Nous sommes \u00e0 disposition, si vous avez des questions relatives \u00e0 votre vol ou \u00e0 votre s\u00e9jour. [\/vc_column_text][vc_column_text] Offres de vols Nous travaillons en \u00e9troite collaboration avec des partenaires fiables pour toutes nos offres&nbsp;: avions taxis, transports de mat\u00e9riel, vols h\u00e9liski, sauvetages en h\u00e9licopt\u00e8re, vols affr\u00e9t\u00e9s et maintenance. Vous trouverez davantage d\u2019informations au sujet des offres de nos partenaires ici. [\/vc_column_text][\/vc_column][vc_column width=\u00a0\u00bb1\/2&Prime;][vc_row_inner][vc_column_inner][\/vc_column_inner][\/vc_row_inner][\/vc_column][\/vc_row][vc_row row_id=\u00a0\u00bbbetriebzeiten\u00a0\u00bb][vc_column width=\u00a0\u00bb1\/1&Prime;][vc_column_text][\/vc_column_text][\/vc_column][\/vc_row][vc_row row_id=\u00a0\u00bbleistungen\u00a0\u00bb parallax_content=\u00a0\u00bbparallax_content_value\u00a0\u00bb fadeout_row=\u00a0\u00bbfadeout_row_value\u00a0\u00bb][vc_column width=\u00a0\u00bb1\/2&Prime;][vc_column_text] Heures de [&hellip;]<\/p>\n","protected":false},"author":1,"featured_media":0,"parent":0,"menu_order":0,"comment_status":"open","ping_status":"open","template":"","meta":{"ngg_post_thumbnail":0,"footnotes":""},"class_list":["post-16845","page","type-page","status-publish","hentry"],"_links":{"self":[{"href":"https:\/\/www.gstaad-airport.ch\/fr\/wp-json\/wp\/v2\/pages\/16845","targetHints":{"allow":["GET"]}}],"collection":[{"href":"https:\/\/www.gstaad-airport.ch\/fr\/wp-json\/wp\/v2\/pages"}],"about":[{"href":"https:\/\/www.gstaad-airport.ch\/fr\/wp-json\/wp\/v2\/types\/page"}],"author":[{"embeddable":true,"href":"https:\/\/www.gstaad-airport.ch\/fr\/wp-json\/wp\/v2\/users\/1"}],"replies":[{"embeddable":true,"href":"https:\/\/www.gstaad-airport.ch\/fr\/wp-json\/wp\/v2\/comments?post=16845"}],"version-history":[{"count":70,"href":"https:\/\/www.gstaad-airport.ch\/fr\/wp-json\/wp\/v2\/pages\/16845\/revisions"}],"predecessor-version":[{"id":19406,"href":"https:\/\/www.gstaad-airport.ch\/fr\/wp-json\/wp\/v2\/pages\/16845\/revisions\/19406"}],"wp:attachment":[{"href":"https:\/\/www.gstaad-airport.ch\/fr\/wp-json\/wp\/v2\/media?parent=16845"}],"curies":[{"name":"wp","href":"https:\/\/api.w.org\/{rel}","templated":true}]}}